{"id":149,"date":"2025-10-08T11:16:15","date_gmt":"2025-10-08T10:16:15","guid":{"rendered":"https:\/\/www.salesianisantachiarapalermo.it\/?page_id=149"},"modified":"2026-02-06T16:38:13","modified_gmt":"2026-02-06T15:38:13","slug":"comunita-proposta","status":"publish","type":"page","link":"https:\/\/www.salesianisantachiarapalermo.it\/index.php\/comunita-proposta\/","title":{"rendered":"Comunit\u00e0 Proposta e Prenoviziato"},"content":{"rendered":"\n  \n    \n    <section class=\"u-clearfix u-image u-section-2\" id=\"sec-7f5b\" data-image-width=\"1280\" data-image-height=\"853\" style=\"background-image: url(&quot;https:\/\/www.salesianisantachiarapalermo.it\/wp-content\/uploads\/2026\/02\/1280px-Casetta_di_don_Bosco.jpg&quot;);\">\n      <div class=\"u-clearfix u-sheet u-sheet-1\">\n        <div class=\"u-container-style u-expanded-width-xs u-group u-opacity u-opacity-80 u-white u-group-1\" data-animation-name=\"customAnimationIn\" data-animation-duration=\"2000\" data-animation-delay=\"0\" data-animation-out=\"0\">\n          <div class=\"u-container-layout u-valign-middle-lg u-valign-middle-md u-valign-middle-sm u-valign-middle-xl u-container-layout-1\">\n            <h2 class=\"u-text u-text-default u-text-palette-1-base u-text-1\"> Comunit\u00e0<br>Proposta e Prenoviziato\n            <\/h2>\n          <\/div>\n        <\/div>\n      <\/div>\n    <\/section>\n    <section class=\"u-clearfix u-section-3\" id=\"sec-6e66\">\n      <div class=\"u-clearfix u-sheet u-valign-middle-lg u-valign-middle-md u-valign-middle-sm u-sheet-1\">\n        <div class=\"data-layout-selected u-clearfix u-expanded-width u-layout-wrap u-layout-wrap-1\">\n          <div class=\"u-gutter-0 u-layout\">\n            <div class=\"u-layout-row\">\n              <div class=\"Object]-md u-container-style u-layout-cell u-shape-rectangle u-size-30 u-size-[object u-layout-cell-1\">\n                <div class=\"u-container-layout u-container-layout-1\">\n                  <h4 class=\"u-text u-text-1\"> Comunit\u00e0 Proposta<br>e Prenoviziato nel cuore di Ballar\u00f2\n                  <\/h4>\n                  <div class=\"u-border-4 u-border-grey-dark-1 u-line u-line-horizontal u-line-1\"><\/div>\n                  <p class=\"u-align-justify u-text u-text-2\"><span style=\"font-weight: 700;\"><\/span><span style=\"font-weight: 700;\">Una casa che accoglie.<\/span>\n                    <br> Dal settembre 2025 la Comunit\u00e0\nProposta e il Prenoviziato dell\u2019ISI trovano casa a Santa\nChiara, nel vivace quartiere di Ballar\u00f2-Albergheria a\nPalermo. Una scelta che unisce storia, servizio sociale e prossimit\u00e0\nai giovani pi\u00f9 fragili.<br>\n                    <br><span style=\"font-weight: 700;\"><\/span><span style=\"font-weight: 700;\">Vocazione e citt\u00e0.<\/span>\n                    <br> Santa Chiara \u00e8 opera sociale per\nragazzi a rischio, migranti e persone vulnerabili; con la cappellania\nuniversitaria affidata al direttore, diventa anche luogo di\norientamento vocazionale per i giovani palermitani.<br>\n                  <\/p>\n                <\/div>\n              <\/div>\n              <div class=\"u-container-align-center u-container-style u-image u-layout-cell u-size-30 u-image-1\" data-image-width=\"1024\" data-image-height=\"1280\" style=\"background-image: url(&quot;https:\/\/www.salesianisantachiarapalermo.it\/wp-content\/uploads\/2026\/02\/photo-1549992609-7a9043b5bf6b.jpeg&quot;);\">\n                <div class=\"u-container-layout u-container-layout-2\"><\/div>\n              <\/div>\n            <\/div>\n          <\/div>\n        <\/div>\n      <\/div>\n    <\/section>\n    <section class=\"u-clearfix u-section-4\" id=\"sec-ee2b\">\n      <div class=\"u-clearfix u-sheet u-valign-middle-lg u-valign-middle-md u-valign-middle-sm u-sheet-1\">\n        <div class=\"data-layout-selected u-clearfix u-expanded-width u-layout-wrap u-layout-wrap-1\">\n          <div class=\"u-gutter-0 u-layout\">\n            <div class=\"u-layout-row\">\n              <div class=\"u-container-align-center u-container-style u-image u-layout-cell u-size-30 u-image-1\" data-image-width=\"1920\" data-image-height=\"1080\" style=\"background-image: url(&quot;https:\/\/www.salesianisantachiarapalermo.it\/wp-content\/uploads\/2025\/12\/prenoviziato2.jpg&quot;);\">\n                <div class=\"u-container-layout u-container-layout-1\"><\/div>\n              <\/div>\n              <div class=\"Object]-md u-container-style u-layout-cell u-shape-rectangle u-size-30 u-size-[object u-layout-cell-2\">\n                <div class=\"u-container-layout u-container-layout-2\">\n                  <h4 class=\"u-text u-text-1\"><b>Comunit\u00e0 Proposta e\naspirantato<\/b>\n                  <\/h4>\n                  <div class=\"u-border-4 u-border-grey-dark-1 u-line u-line-horizontal u-line-1\"><\/div>\n                  <p class=\"u-align-justify u-text u-text-2\"><span style=\"font-weight: 700;\"><\/span><span style=\"font-weight: 700;\">Un luogo per conoscere la\nvocazione.<\/span>\n                    <br> La Comunit\u00e0 Proposta, detta\nanche aspirantato, \u00e8 un tempo di scoperta: conoscere la vita\nconsacrata salesiana, riconoscere la propria storia interiore e\ncercare la volont\u00e0 di Dio attraverso il confronto e la preghiera.<br>\n                    <br><span style=\"font-weight: 700;\"><\/span><span style=\"font-weight: 700;\">Obiettivi essenziali.<\/span>\n                    <br> Favorire il discernimento;\noffrire formazione comunitaria; accompagnare nel cammino vocazionale\ncon cura e concretezza.\n                  <\/p>\n                <\/div>\n              <\/div>\n            <\/div>\n          <\/div>\n        <\/div>\n      <\/div>\n    <\/section>\n    <section class=\"u-clearfix u-section-5\" id=\"sec-e601\">\n      <div class=\"u-clearfix u-sheet u-valign-middle-lg u-valign-middle-md u-valign-middle-sm u-valign-middle-xl u-sheet-1\">\n        <div class=\"data-layout-selected u-clearfix u-expanded-width u-layout-wrap u-layout-wrap-1\">\n          <div class=\"u-gutter-0 u-layout\">\n            <div class=\"u-layout-row\">\n              <div class=\"Object]-md u-container-style u-layout-cell u-shape-rectangle u-size-30 u-size-[object u-layout-cell-1\">\n                <div class=\"u-container-layout u-container-layout-1\">\n                  <h4 class=\"u-text u-text-1\"><b>Prenoviziato salesiano a Santa\nChiara<\/b>\n                  <\/h4>\n                  <div class=\"u-border-4 u-border-grey-dark-1 u-line u-line-horizontal u-line-1\"><\/div>\n                  <p class=\"u-align-justify u-text u-text-2\"><span style=\"font-weight: 700;\"> Un passo che apre il cammino.<\/span>\n                    <br>Il prenoviziato \u00e8 il tempo in\ncui la chiamata prende forma: una vita comunitaria e apostolica che\nprepara al noviziato, offrendo spazio per ascoltare, discernere e\nverificare l\u2019idoneit\u00e0 a seguire la via salesiana.&nbsp;<br>\n                    <br><span style=\"font-weight: 700;\">Perch\u00e9 \u00e8 importante.<\/span>\n                    <br>Non \u00e8 un inizio improvvisato:\nrichiede esperienze precedenti di crescita vocazionale,\naccompagnamento spirituale e servizio pastorale. Qui si cresce come\npersona e come cristiano, liberi da pressioni e sostenuti da una\nguida attenta.\n                  <\/p>\n                <\/div>\n              <\/div>\n              <div class=\"u-container-align-center u-container-style u-image u-layout-cell u-size-30 u-image-1\" data-image-width=\"800\" data-image-height=\"533\" style=\"background-image: url(&quot;https:\/\/www.salesianisantachiarapalermo.it\/wp-content\/uploads\/2025\/12\/prenoviziato3.jpg&quot;);\">\n                <div class=\"u-container-layout u-container-layout-2\"><\/div>\n              <\/div>\n            <\/div>\n          <\/div>\n        <\/div>\n      <\/div>\n    <\/section>\n    \n    \n    \n    \n  \n","protected":false},"excerpt":{"rendered":"<p>Comunit\u00e0Proposta e Prenoviziato Comunit\u00e0 Propostae Prenoviziato nel cuore di Ballar\u00f2 Una casa che accoglie. Dal settembre 2025 la Comunit\u00e0 Proposta e il Prenoviziato dell\u2019ISI trovano casa a Santa Chiara, nel vivace quartiere di Ballar\u00f2-Albergheria a Palermo. Una scelta che unisce storia, servizio sociale e prossimit\u00e0 ai giovani pi\u00f9 fragili. Vocazione e citt\u00e0. Santa Chiara \u00e8 &hellip; <a href=\"https:\/\/www.salesianisantachiarapalermo.it\/index.php\/comunita-proposta\/\" class=\"more-link\">Continue reading<span class=\"screen-reader-text\"> &#8220;Comunit\u00e0 Proposta e Prenoviziato&#8221;<\/span><\/a><\/p>\n","protected":false},"author":1,"featured_media":0,"parent":0,"menu_order":0,"comment_status":"closed","ping_status":"closed","template":"","meta":{"_mc_calendar":[],"footnotes":""},"class_list":["post-149","page","type-page","status-publish","hentry"],"jetpack_sharing_enabled":true,"_links":{"self":[{"href":"https:\/\/www.salesianisantachiarapalermo.it\/index.php\/wp-json\/wp\/v2\/pages\/149","targetHints":{"allow":["GET"]}}],"collection":[{"href":"https:\/\/www.salesianisantachiarapalermo.it\/index.php\/wp-json\/wp\/v2\/pages"}],"about":[{"href":"https:\/\/www.salesianisantachiarapalermo.it\/index.php\/wp-json\/wp\/v2\/types\/page"}],"author":[{"embeddable":true,"href":"https:\/\/www.salesianisantachiarapalermo.it\/index.php\/wp-json\/wp\/v2\/users\/1"}],"replies":[{"embeddable":true,"href":"https:\/\/www.salesianisantachiarapalermo.it\/index.php\/wp-json\/wp\/v2\/comments?post=149"}],"version-history":[{"count":6,"href":"https:\/\/www.salesianisantachiarapalermo.it\/index.php\/wp-json\/wp\/v2\/pages\/149\/revisions"}],"predecessor-version":[{"id":345,"href":"https:\/\/www.salesianisantachiarapalermo.it\/index.php\/wp-json\/wp\/v2\/pages\/149\/revisions\/345"}],"wp:attachment":[{"href":"https:\/\/www.salesianisantachiarapalermo.it\/index.php\/wp-json\/wp\/v2\/media?parent=149"}],"curies":[{"name":"wp","href":"https:\/\/api.w.org\/{rel}","templated":true}]}}