{"id":114,"date":"2025-01-27T09:40:44","date_gmt":"2025-01-27T08:40:44","guid":{"rendered":"https:\/\/www.salesianisantachiarapalermo.it\/?page_id=114"},"modified":"2025-12-19T15:53:49","modified_gmt":"2025-12-19T14:53:49","slug":"storia-della-casa","status":"publish","type":"page","link":"https:\/\/www.salesianisantachiarapalermo.it\/index.php\/storia-della-casa\/","title":{"rendered":"Storia della Casa"},"content":{"rendered":"\n  \n    \n    <section class=\"u-clearfix u-image u-section-2\" id=\"sec-31c8\" data-image-width=\"2048\" data-image-height=\"1536\" style=\"background-image: url(&quot;https:\/\/www.salesianisantachiarapalermo.it\/wp-content\/uploads\/2025\/12\/copertinapag.storiacasa.jpg&quot;);\">\n      <div class=\"u-clearfix u-sheet u-sheet-1\">\n        <div class=\"u-container-style u-expanded-width-xs u-group u-opacity u-opacity-80 u-white u-group-1\" data-animation-name=\"customAnimationIn\" data-animation-duration=\"2000\" data-animation-delay=\"0\" data-animation-out=\"0\">\n          <div class=\"u-container-layout u-valign-middle-lg u-valign-middle-md u-valign-middle-sm u-container-layout-1\">\n            <h2 class=\"u-align-right-xs u-text u-text-default u-text-palette-1-base u-text-1\">Storia della Casa<\/h2>\n          <\/div>\n        <\/div>\n      <\/div>\n    <\/section>\n    <section class=\"u-clearfix u-section-3\" id=\"sec-ce80\">\n      <div class=\"u-clearfix u-sheet u-valign-middle u-sheet-1\">\n        <h3 class=\"u-text u-text-default u-text-palette-1-base u-text-1\"> Santa Chiara: un cuore che pulsa\nda secoli<\/h3>\n        <h5 class=\"u-text u-text-default u-text-2\"> Nel cuore dell\u2019Albergheria,\ndove le pietre raccontano storie e i chiostri custodiscono memorie,\nsorge il complesso di Santa Chiara: un luogo che ha attraversato\nsecoli di trasformazioni, ferite e rinascite, sempre al servizio\ndegli ultimi.<\/h5>\n      <\/div>\n    <\/section>\n    <section class=\"u-clearfix u-section-4\" id=\"block-1\">\n      <div class=\"u-clearfix u-sheet u-valign-middle-lg u-valign-middle-md u-valign-middle-sm u-valign-middle-xl u-sheet-1\">\n        <div class=\"data-layout-selected u-clearfix u-expanded-width u-layout-wrap u-layout-wrap-1\">\n          <div class=\"u-gutter-0 u-layout\">\n            <div class=\"u-layout-col\">\n              <div class=\"u-size-15\">\n                <div class=\"u-layout-row\">\n                  <div class=\"u-container-style u-layout-cell u-shape-rectangle u-size-30 u-layout-cell-1\">\n                    <div class=\"u-container-layout u-container-layout-1\">\n                      <h4 class=\"u-text u-text-1\"> Dalle macerie alla missione<\/h4>\n                      <div class=\"u-border-4 u-border-grey-dark-1 u-line u-line-horizontal u-line-1\"><\/div>\n                      <p class=\"u-align-justify u-text u-text-2\"> Nel 1918, l\u2019antico monastero \u2014\ngi\u00e0 segnato dal tempo e dall\u2019abbandono \u2014 viene affidato ai\nSalesiani con l\u2019incarico di accogliere gli orfani di guerra. Il\nconvento, allora fatiscente, diventa casa, rifugio e scuola. Le\ncronache dell\u2019epoca parlano di \u201cscale dirute, muri cadenti e\nstanze ammuffite\u201d. Ma dove gli occhi vedevano rovina, il cuore\nsalesiano vedeva Provvidenza.<\/p>\n                    <\/div>\n                  <\/div>\n                  <div class=\"u-container-align-center u-container-style u-image u-layout-cell u-shape-rectangle u-size-30 u-image-1\" data-image-width=\"800\" data-image-height=\"576\" style=\"background-image: url(&quot;https:\/\/www.salesianisantachiarapalermo.it\/wp-content\/uploads\/2025\/11\/visitaprincipeumbertodisavoia-teatro.jpg&quot;);\">\n                    <div class=\"u-container-layout u-container-layout-2\"><\/div>\n                  <\/div>\n                <\/div>\n              <\/div>\n              <div class=\"u-size-15\">\n                <div class=\"u-layout-row\">\n                  <div class=\"u-container-align-center u-container-style u-image u-layout-cell u-shape-rectangle u-size-30 u-image-2\" data-image-width=\"800\" data-image-height=\"530\" style=\"background-image: url(&quot;https:\/\/www.salesianisantachiarapalermo.it\/wp-content\/uploads\/2025\/11\/pavimentazioneoratorio1950.jpg&quot;);\">\n                    <div class=\"u-container-layout u-container-layout-3\"><\/div>\n                  <\/div>\n                  <div class=\"u-container-style u-layout-cell u-shape-rectangle u-size-30 u-layout-cell-4\">\n                    <div class=\"u-container-layout u-container-layout-4\">\n                      <h4 class=\"u-text u-text-3\"> La ferita del 1943<\/h4>\n                      <div class=\"u-border-4 u-border-grey-dark-1 u-line u-line-horizontal u-line-2\"><\/div>\n                      <p class=\"u-align-justify u-text u-text-4\"> Durante i bombardamenti della\nSeconda Guerra Mondiale, il complesso subisce gravi danni. La\nfacciata della chiesa crolla, portando via con s\u00e9 il portale\nseicentesco di Paolo Amato e le lapidi medievali. Sotto le macerie,\nperdono la vita orfanelli e religiose. Ma la speranza non muore:\nnegli anni \u201950, la ricostruzione restituisce dignit\u00e0 al luogo, con\ninterventi che intrecciano memoria e innovazione.<\/p>\n                    <\/div>\n                  <\/div>\n                <\/div>\n              <\/div>\n              <div class=\"u-size-15\">\n                <div class=\"u-layout-row\">\n                  <div class=\"u-container-style u-layout-cell u-shape-rectangle u-size-30 u-layout-cell-5\">\n                    <div class=\"u-container-layout u-container-layout-5\">\n                      <h4 class=\"u-text u-text-5\"> Una vocazione che evolve<\/h4>\n                      <div class=\"u-border-4 u-border-grey-dark-1 u-line u-line-horizontal u-line-3\"><\/div>\n                      <p class=\"u-align-justify u-text u-text-6\"> Dal 1968 in poi, l\u2019Istituto si\ntrasforma: da orfanotrofio a centro sociale, da rifugio per bambini a\npresidio per famiglie e immigrati. Nasce un osservatorio\nepidemiologico, poi un poliambulatorio con dermatologia,\nneuropsichiatria e pediatria. Nel 1990 prende vita anche il servizio\ndi accoglienza notturna. Sempre con lo stesso spirito: servire i\npoveri, gli emarginati, chi non ha voce.<\/p>\n                    <\/div>\n                  <\/div>\n                  <div class=\"u-container-align-center u-container-style u-image u-layout-cell u-shape-rectangle u-size-30 u-image-3\" data-image-width=\"800\" data-image-height=\"544\" style=\"background-image: url(&quot;https:\/\/www.salesianisantachiarapalermo.it\/wp-content\/uploads\/2025\/11\/oratorio52.jpg&quot;);\">\n                    <div class=\"u-container-layout u-container-layout-6\"><\/div>\n                  <\/div>\n                <\/div>\n              <\/div>\n              <div class=\"u-size-15\">\n                <div class=\"u-layout-row\">\n                  <div class=\"u-container-style u-layout-cell u-size-30 u-layout-cell-7\">\n                    <div class=\"u-container-layout u-valign-bottom u-container-layout-7\">\n                      <img data-recalc-dims=\"1\" decoding=\"async\" class=\"u-expanded-width u-image u-image-default u-image-4\" src=\"https:\/\/i0.wp.com\/www.salesianisantachiarapalermo.it\/wp-content\/uploads\/2025\/11\/attivitamigranti.jpg?w=1140&#038;ssl=1\" alt=\"\" data-image-width=\"800\" data-image-height=\"528\">\n                    <\/div>\n                  <\/div>\n                  <div class=\"u-container-style u-layout-cell u-size-30 u-layout-cell-8\">\n                    <div class=\"u-container-layout u-container-layout-8\">\n                      <h4 class=\"u-text u-text-7\"> Santa Chiara oggi: una casa che\nparla tutte le lingue del cuore<\/h4>\n                      <div class=\"u-border-4 u-border-grey-dark-1 u-line u-line-horizontal u-line-4\"><\/div>\n                      <p class=\"u-align-justify u-text u-text-8\"> Negli ultimi decenni, Santa\nChiara ha continuato a scrivere la sua storia con l\u2019inchiostro\ndell\u2019accoglienza. Mentre il mondo cambiava, tra crisi migratorie e\nnuove povert\u00e0, la Casa ha aperto le sue porte a chi cercava riparo,\ndignit\u00e0, futuro. Ha accolto uomini e donne in fuga da guerre e\nmiserie, offrendo non solo un tetto, ma anche istruzione, ascolto,\nintegrazione.&nbsp;<br>Con la crisi ucraina, anche\nfamiglie spezzate dalla guerra hanno trovato qui un rifugio sicuro,\nun abbraccio concreto. E oggi, tra le mura che hanno visto secoli di\nstoria, vivono decine e decine di giovani \u2014 italiani e stranieri \u2014\nche ogni giorno chiamano Santa Chiara \u201ccasa\u201d. Non per\nconvenzione, ma per sentimento.&nbsp;<br>Qui si studia, si cresce, si\nsogna. Si condividono pasti, risate, silenzi. Si impara che la\ndiversit\u00e0 \u00e8 ricchezza, che la fragilit\u00e0 \u00e8 forza, che l\u2019altro \u00e8\nsempre un fratello. E tutto questo accade nello spirito di Don Bosco,\nche voleva case vive, non solo edifici: luoghi dove ogni ragazzo\npotesse sentirsi amato, accompagnato, valorizzato.\n                      <\/p>\n                    <\/div>\n                  <\/div>\n                <\/div>\n              <\/div>\n            <\/div>\n          <\/div>\n        <\/div>\n        <h5 class=\"u-align-center u-text u-text-default u-text-9\"> Santa Chiara \u00e8 questo. Un cuore\nche batte nel centro di Palermo.<br>Una casa che non smette mai di\nessere madre.<br>Un ponte tra passato e futuro, tra pietra e carne, tra\ncielo e terra.\n        <\/h5>\n      <\/div>\n    <\/section>\n    <section class=\"u-align-center u-clearfix u-container-align-center u-section-5\" id=\"block-3\">\n      <div class=\"u-clearfix u-sheet u-valign-middle-lg u-valign-middle-md u-valign-middle-sm u-sheet-1\">\n        <div class=\"u-expanded-width u-gallery u-layout-horizontal u-lightbox u-show-text-on-hover u-width-fixed u-gallery-1\">\n          <div class=\"u-gallery-inner u-gallery-inner-1\"><div class=\"u-effect-fade u-gallery-item u-gallery-item-1\"><div class=\"u-back-slide\" data-image-width=\"800\" data-image-height=\"545\"><img data-recalc-dims=\"1\" decoding=\"async\" class=\"u-back-image u-back-image-1\" src=\"https:\/\/i0.wp.com\/www.salesianisantachiarapalermo.it\/wp-content\/uploads\/2025\/11\/attivitaGrest.jpg?w=1140&#038;ssl=1\">\n<\/div><div class=\"u-over-slide u-shading u-over-slide-1\"><\/div>\n<\/div><div class=\"u-effect-fade u-gallery-item u-gallery-item-2\"><div class=\"u-back-slide\" data-image-width=\"800\" data-image-height=\"533\"><img data-recalc-dims=\"1\" decoding=\"async\" class=\"u-back-image u-back-image-2\" src=\"https:\/\/i0.wp.com\/www.salesianisantachiarapalermo.it\/wp-content\/uploads\/2025\/11\/Oratorio1996.jpg?w=1140&#038;ssl=1\">\n<\/div><div class=\"u-over-slide u-shading u-over-slide-2\"><\/div>\n<\/div><div class=\"u-effect-fade u-gallery-item u-gallery-item-3\"><div class=\"u-back-slide\" data-image-width=\"800\" data-image-height=\"544\"><img data-recalc-dims=\"1\" decoding=\"async\" class=\"u-back-image u-back-image-3\" src=\"https:\/\/i0.wp.com\/www.salesianisantachiarapalermo.it\/wp-content\/uploads\/2025\/11\/oratorio52-1.jpg?w=1140&#038;ssl=1\">\n<\/div><div class=\"u-over-slide u-shading u-over-slide-3\"><\/div>\n<\/div><div class=\"u-effect-fade u-gallery-item u-gallery-item-4\"><div class=\"u-back-slide\" data-image-width=\"800\" data-image-height=\"600\"><img data-recalc-dims=\"1\" decoding=\"async\" class=\"u-back-image u-back-image-4\" src=\"https:\/\/i0.wp.com\/www.salesianisantachiarapalermo.it\/wp-content\/uploads\/2025\/11\/calzoleria.jpg?w=1140&#038;ssl=1\">\n<\/div><div class=\"u-over-slide u-shading u-over-slide-4\"><\/div>\n<\/div><div class=\"u-effect-fade u-gallery-item u-gallery-item-5\" data-image-width=\"2000\" data-image-height=\"1333\"><div class=\"u-back-slide\" data-image-width=\"800\" data-image-height=\"554\"><img data-recalc-dims=\"1\" decoding=\"async\" class=\"u-back-image u-back-image-5\" src=\"https:\/\/i0.wp.com\/www.salesianisantachiarapalermo.it\/wp-content\/uploads\/2025\/11\/attivitascoutPalermo4.jpg?w=1140&#038;ssl=1\">\n<\/div><div class=\"u-over-slide u-shading u-over-slide-5\"><\/div>\n<\/div><div class=\"u-effect-fade u-gallery-item u-gallery-item-6\" data-image-width=\"800\" data-image-height=\"542\"><div class=\"u-back-slide\"><img data-recalc-dims=\"1\" decoding=\"async\" class=\"u-back-image u-back-image-6\" src=\"https:\/\/i0.wp.com\/www.salesianisantachiarapalermo.it\/wp-content\/uploads\/2025\/11\/ILR.MaggioreaS.ChiaraconD.BenedettoedonPerrelliIspettore.jpg?w=1140&#038;ssl=1\">\n<\/div><div class=\"u-over-slide u-shading u-over-slide-6\"><\/div>\n<\/div><div class=\"u-effect-fade u-gallery-item u-gallery-item-7\" data-image-width=\"800\" data-image-height=\"606\"><div class=\"u-back-slide\"><img data-recalc-dims=\"1\" decoding=\"async\" class=\"u-back-image u-back-image-7\" src=\"https:\/\/i0.wp.com\/www.salesianisantachiarapalermo.it\/wp-content\/uploads\/2025\/11\/giostracortileinterno.jpg?w=1140&#038;ssl=1\">\n<\/div><div class=\"u-over-slide u-shading u-over-slide-7\"><\/div>\n<\/div><div class=\"u-effect-fade u-gallery-item u-gallery-item-8\" data-image-width=\"800\" data-image-height=\"551\"><div class=\"u-back-slide\"><img data-recalc-dims=\"1\" decoding=\"async\" class=\"u-back-image u-back-image-8\" src=\"https:\/\/i0.wp.com\/www.salesianisantachiarapalermo.it\/wp-content\/uploads\/2025\/11\/coro1985.jpg?w=1140&#038;ssl=1\">\n<\/div><div class=\"u-over-slide u-shading u-over-slide-8\"><\/div>\n<\/div><div class=\"u-effect-fade u-gallery-item u-gallery-item-9\" data-image-width=\"800\" data-image-height=\"605\"><div class=\"u-back-slide\"><img data-recalc-dims=\"1\" decoding=\"async\" class=\"u-back-image u-back-image-9\" src=\"https:\/\/i0.wp.com\/www.salesianisantachiarapalermo.it\/wp-content\/uploads\/2025\/11\/bandamusicale1940.jpg?w=1140&#038;ssl=1\">\n<\/div><div class=\"u-over-slide u-shading u-over-slide-9\"><\/div>\n<\/div><div class=\"u-effect-fade u-gallery-item u-gallery-item-10\" data-image-width=\"800\" data-image-height=\"535\"><div class=\"u-back-slide\"><img data-recalc-dims=\"1\" decoding=\"async\" class=\"u-back-image u-back-image-10\" src=\"https:\/\/i0.wp.com\/www.salesianisantachiarapalermo.it\/wp-content\/uploads\/2025\/11\/DonBosco20002.jpg?w=1140&#038;ssl=1\">\n<\/div><div class=\"u-over-slide u-shading u-over-slide-10\"><\/div>\n<\/div><div class=\"u-effect-fade u-gallery-item u-gallery-item-11\" data-image-width=\"800\" data-image-height=\"584\"><div class=\"u-back-slide\"><img data-recalc-dims=\"1\" decoding=\"async\" class=\"u-back-image u-back-image-11\" src=\"https:\/\/i0.wp.com\/www.salesianisantachiarapalermo.it\/wp-content\/uploads\/2025\/11\/catechesiaprile1940.jpg?w=1140&#038;ssl=1\">\n<\/div><div class=\"u-over-slide u-shading u-over-slide-11\"><\/div>\n<\/div><div class=\"u-effect-fade u-gallery-item u-gallery-item-12\" data-image-width=\"800\" data-image-height=\"585\"><div class=\"u-back-slide\"><img data-recalc-dims=\"1\" decoding=\"async\" class=\"u-back-image u-back-image-12\" src=\"https:\/\/i0.wp.com\/www.salesianisantachiarapalermo.it\/wp-content\/uploads\/2025\/11\/oratoriani1930.jpg?w=1140&#038;ssl=1\">\n<\/div><div class=\"u-over-slide u-shading u-over-slide-12\"><\/div>\n<\/div><div class=\"u-effect-fade u-gallery-item u-gallery-item-13\" data-image-width=\"800\" data-image-height=\"593\"><div class=\"u-back-slide\"><img data-recalc-dims=\"1\" decoding=\"async\" class=\"u-back-image u-back-image-13\" src=\"https:\/\/i0.wp.com\/www.salesianisantachiarapalermo.it\/wp-content\/uploads\/2025\/11\/concertodellabanda.jpg?w=1140&#038;ssl=1\">\n<\/div><div class=\"u-over-slide u-shading u-over-slide-13\"><\/div>\n<\/div><div class=\"u-effect-fade u-gallery-item u-gallery-item-14\" data-image-width=\"800\" data-image-height=\"575\"><div class=\"u-back-slide\"><img data-recalc-dims=\"1\" decoding=\"async\" class=\"u-back-image u-back-image-14\" src=\"https:\/\/i0.wp.com\/www.salesianisantachiarapalermo.it\/wp-content\/uploads\/2025\/11\/grest1978.jpg?w=1140&#038;ssl=1\">\n<\/div><div class=\"u-over-slide u-shading u-over-slide-14\"><\/div>\n<\/div><div class=\"u-effect-fade u-gallery-item u-gallery-item-15\" data-image-width=\"800\" data-image-height=\"579\"><div class=\"u-back-slide\"><img data-recalc-dims=\"1\" decoding=\"async\" class=\"u-back-image u-back-image-15\" src=\"https:\/\/i0.wp.com\/www.salesianisantachiarapalermo.it\/wp-content\/uploads\/2025\/11\/D.Roccorindonealgrest1978.jpg?w=1140&#038;ssl=1\">\n<\/div><div class=\"u-over-slide u-shading u-over-slide-15\"><\/div>\n<\/div><div class=\"u-effect-fade u-gallery-item u-gallery-item-16\" data-image-width=\"800\" data-image-height=\"600\"><div class=\"u-back-slide\"><img data-recalc-dims=\"1\" decoding=\"async\" class=\"u-back-image u-back-image-16\" src=\"https:\/\/i0.wp.com\/www.salesianisantachiarapalermo.it\/wp-content\/uploads\/2025\/11\/P1010053.jpg?w=1140&#038;ssl=1\">\n<\/div><div class=\"u-over-slide u-shading u-over-slide-16\"><\/div>\n<\/div><\/div>\n          <a class=\"u-absolute-vcenter u-gallery-nav u-gallery-nav-prev u-icon-circle u-opacity u-opacity-70 u-palette-1-base u-spacing-10 u-text-body-alt-color u-gallery-nav-1\" href=\"#\" role=\"button\"><span aria-hidden=\"true\">\n              <svg viewBox=\"0 0 451.847 451.847\"><path d=\"M97.141,225.92c0-8.095,3.091-16.192,9.259-22.366L300.689,9.27c12.359-12.359,32.397-12.359,44.751,0\nc12.354,12.354,12.354,32.388,0,44.748L173.525,225.92l171.903,171.909c12.354,12.354,12.354,32.391,0,44.744\nc-12.354,12.365-32.386,12.365-44.745,0l-194.29-194.281C100.226,242.115,97.141,234.018,97.141,225.92z\"><\/path><\/svg><\/span><span class=\"sr-only\">\n              <svg viewBox=\"0 0 451.847 451.847\"><path d=\"M97.141,225.92c0-8.095,3.091-16.192,9.259-22.366L300.689,9.27c12.359-12.359,32.397-12.359,44.751,0\nc12.354,12.354,12.354,32.388,0,44.748L173.525,225.92l171.903,171.909c12.354,12.354,12.354,32.391,0,44.744\nc-12.354,12.365-32.386,12.365-44.745,0l-194.29-194.281C100.226,242.115,97.141,234.018,97.141,225.92z\"><\/path><\/svg><\/span>\n          <\/a>\n          <a class=\"u-absolute-vcenter u-gallery-nav u-gallery-nav-next u-icon-circle u-opacity u-opacity-70 u-palette-1-base u-spacing-10 u-text-body-alt-color u-gallery-nav-2\" href=\"#\" role=\"button\"><span aria-hidden=\"true\">\n              <svg viewBox=\"0 0 451.846 451.847\"><path d=\"M345.441,248.292L151.154,442.573c-12.359,12.365-32.397,12.365-44.75,0c-12.354-12.354-12.354-32.391,0-44.744\nL278.318,225.92L106.409,54.017c-12.354-12.359-12.354-32.394,0-44.748c12.354-12.359,32.391-12.359,44.75,0l194.287,194.284\nc6.177,6.18,9.262,14.271,9.262,22.366C354.708,234.018,351.617,242.115,345.441,248.292z\"><\/path><\/svg><\/span><span class=\"sr-only\">\n              <svg viewBox=\"0 0 451.846 451.847\"><path d=\"M345.441,248.292L151.154,442.573c-12.359,12.365-32.397,12.365-44.75,0c-12.354-12.354-12.354-32.391,0-44.744\nL278.318,225.92L106.409,54.017c-12.354-12.359-12.354-32.394,0-44.748c12.354-12.359,32.391-12.359,44.75,0l194.287,194.284\nc6.177,6.18,9.262,14.271,9.262,22.366C354.708,234.018,351.617,242.115,345.441,248.292z\"><\/path><\/svg><\/span>\n          <\/a>\n        <\/div>\n      <\/div>\n    <\/section>\n    \n    \n    \n    \n  \n","protected":false},"excerpt":{"rendered":"<p>Storia della Casa Santa Chiara: un cuore che pulsa da secoli Nel cuore dell\u2019Albergheria, dove le pietre raccontano storie e i chiostri custodiscono memorie, sorge il complesso di Santa Chiara: un luogo che ha attraversato secoli di trasformazioni, ferite e rinascite, sempre al servizio degli ultimi. Dalle macerie alla missione Nel 1918, l\u2019antico monastero \u2014 &hellip; <a href=\"https:\/\/www.salesianisantachiarapalermo.it\/index.php\/storia-della-casa\/\" class=\"more-link\">Continue reading<span class=\"screen-reader-text\"> &#8220;Storia della Casa&#8221;<\/span><\/a><\/p>\n","protected":false},"author":1,"featured_media":0,"parent":0,"menu_order":0,"comment_status":"closed","ping_status":"closed","template":"","meta":{"_mc_calendar":[],"footnotes":""},"class_list":["post-114","page","type-page","status-publish","hentry"],"jetpack_sharing_enabled":true,"_links":{"self":[{"href":"https:\/\/www.salesianisantachiarapalermo.it\/index.php\/wp-json\/wp\/v2\/pages\/114","targetHints":{"allow":["GET"]}}],"collection":[{"href":"https:\/\/www.salesianisantachiarapalermo.it\/index.php\/wp-json\/wp\/v2\/pages"}],"about":[{"href":"https:\/\/www.salesianisantachiarapalermo.it\/index.php\/wp-json\/wp\/v2\/types\/page"}],"author":[{"embeddable":true,"href":"https:\/\/www.salesianisantachiarapalermo.it\/index.php\/wp-json\/wp\/v2\/users\/1"}],"replies":[{"embeddable":true,"href":"https:\/\/www.salesianisantachiarapalermo.it\/index.php\/wp-json\/wp\/v2\/comments?post=114"}],"version-history":[{"count":8,"href":"https:\/\/www.salesianisantachiarapalermo.it\/index.php\/wp-json\/wp\/v2\/pages\/114\/revisions"}],"predecessor-version":[{"id":249,"href":"https:\/\/www.salesianisantachiarapalermo.it\/index.php\/wp-json\/wp\/v2\/pages\/114\/revisions\/249"}],"wp:attachment":[{"href":"https:\/\/www.salesianisantachiarapalermo.it\/index.php\/wp-json\/wp\/v2\/media?parent=114"}],"curies":[{"name":"wp","href":"https:\/\/api.w.org\/{rel}","templated":true}]}}